{"id":19244,"date":"2022-06-16T12:39:07","date_gmt":"2022-06-16T10:39:07","guid":{"rendered":"http:\/\/blog.lesgrossesorchadeslesamplesthalameges.fr\/?page_id=19244"},"modified":"2022-06-16T12:40:21","modified_gmt":"2022-06-16T10:40:21","slug":"lgbt-pride-interdite-en-moldavie","status":"publish","type":"page","link":"https:\/\/blog.lesgrossesorchadeslesamplesthalameges.fr\/index.php\/lgbt-pride-interdite-en-moldavie\/","title":{"rendered":"LGBT Pride interdite en Moldavie"},"content":{"rendered":"<p>&nbsp;<\/p>\n<p>&nbsp;<\/p>\n<p>&nbsp;<\/p>\n<p>&nbsp;<\/p>\n<p>&nbsp;<\/p>\n<p>&nbsp;<\/p>\n<p>&nbsp;<\/p>\n<p>&nbsp;<\/p>\n<p style=\"text-align: justify;\"><span style=\"color: #c00000;\"><strong><span style=\"font-family: times new roman, times, serif; font-size: 18pt;\"><em>Droits des seize vari\u00e9t\u00e9s de gays, lesbiennes, etc.<\/em><\/span><\/strong><\/span><\/p>\n<p>&nbsp;<\/p>\n<p>&nbsp;<\/p>\n<p>&nbsp;<\/p>\n<p style=\"text-align: center;\"><strong><span style=\"font-family: times new roman, times, serif; font-size: 36pt;\">LGBT Pride interdite en Moldavie<\/span><\/strong><\/p>\n<p>&nbsp;<\/p>\n<p>&nbsp;<\/p>\n<p style=\"text-align: center;\"><span style=\"font-family: times new roman, times, serif; font-size: 18pt;\"><strong><em>point.md\/ru<\/em><\/strong><strong> \u2013 5.6.20221<\/strong><\/span><\/p>\n<p>&nbsp;<\/p>\n<p>&nbsp;<\/p>\n<p>&nbsp;<\/p>\n<p>&nbsp;<\/p>\n<p style=\"text-align: justify;\"><strong><span style=\"font-family: tahoma, arial, helvetica, sans-serif; font-size: 14pt;\">Hier a d\u00e9but\u00e9 \u00e0 Chisinau le 21\u00e8me Festival des Fiert\u00e9s de Moldavie, o\u00f9 plusieurs \u00e9v\u00e9nements sont pr\u00e9vus.<\/span><\/strong><\/p>\n<p>&nbsp;<\/p>\n<p style=\"text-align: justify;\"><span style=\"font-family: times new roman, times, serif; font-size: 14pt;\">Le russophile Ion Cheban, maire de la capitale Chisinau, oppos\u00e9 au parti pro-occidental PAS au pouvoir, n\u2019a pas autoris\u00e9 la marche de dimanche prochain.<\/span><\/p>\n<p>&nbsp;<\/p>\n<p style=\"text-align: justify;\"><span style=\"font-family: times new roman, times, serif; font-size: 14pt;\">\u00ab\u00a0\u00c0 quoi sert cette parade ?\u00a0\u00bb a-t-il dit,\u00a0 \u00ab\u00a0Nous ne violons les droits de personne, tous les membres de notre soci\u00e9t\u00e9 ont des droits \u00e9gaux. Ils disent qu&rsquo;ils d\u00e9fendent leur droit au travail, \u00e0 l&rsquo;\u00e9ducation, etc., mais ils divisent la soci\u00e9t\u00e9. Vous avez vu ce qui s&rsquo;est pass\u00e9 r\u00e9cemment \u00e0 Iasi en Roumanie\u00a0? Les enfants ne doivent pas voir \u00e7a. Concentrons-nous plut\u00f4t sur d&rsquo;autres actions et d\u2019autres d\u00e9veloppements\u00a0\u00bb.<\/span><\/p>\n<p>&nbsp;<\/p>\n<p>&nbsp;<\/p>\n<p>&nbsp;<\/p>\n<p style=\"text-align: center;\"><a href=\"http:\/\/blog.lesgrossesorchadeslesamplesthalameges.fr\/index.php\/2022\/06\/16\/allons-y-puisque-nous-y-sommes\/9-manif-iasi\/\" rel=\"attachment wp-att-19208\"><img loading=\"lazy\" class=\"alignnone wp-image-19208 size-full\" src=\"http:\/\/blog.lesgrossesorchadeslesamplesthalameges.fr\/wp-content\/uploads\/2022\/06\/9.-Manif-Iasi.png\" alt=\"\" width=\"500\" height=\"284\" srcset=\"https:\/\/blog.lesgrossesorchadeslesamplesthalameges.fr\/wp-content\/uploads\/2022\/06\/9.-Manif-Iasi.png 500w, https:\/\/blog.lesgrossesorchadeslesamplesthalameges.fr\/wp-content\/uploads\/2022\/06\/9.-Manif-Iasi-300x170.png 300w\" sizes=\"(max-width: 500px) 100vw, 500px\" \/><\/a><\/p>\n<p style=\"text-align: center;\"><span style=\"font-family: times new roman, times, serif; font-size: 12pt;\"><strong><em>Iasi, Roumanie, le 5 juin 2022<\/em><\/strong><\/span><\/p>\n<p>&nbsp;<\/p>\n<p>&nbsp;<\/p>\n<p>&nbsp;<\/p>\n<p style=\"text-align: justify;\"><span style=\"font-family: times new roman, times, serif; font-size: 14pt;\">Sources\u00a0:<\/span><\/p>\n<p style=\"text-align: justify;\"><span style=\"font-family: times new roman, times, serif; font-size: 14pt;\"><a href=\"http:\/\/tv8.md\/\">tv8.md<\/a><\/span><\/p>\n<p style=\"text-align: justify;\"><span style=\"font-family: times new roman, times, serif; font-size: 14pt;\"><a href=\"https:\/\/point.md\/ru\/novosti\/obschestvo\/cheban-ne-podpishet-razreshenie-na-provedenie-lgbt-marsha-u-sebia-doma\/\">https:\/\/point.md\/ru\/novosti\/obschestvo\/cheban-ne-podpishet-razreshenie-na-provedenie-lgbt-marsha-u-sebia-doma\/<\/a><\/span><\/p>\n<p style=\"text-align: justify;\"><span style=\"font-family: times new roman, times, serif; font-size: 18pt; color: #c00000;\"><strong><em>Rassurez-vous, il y en a eu tous les ans, sous la protection de la police anti-\u00e9meutes.<\/em><\/strong><\/span><\/p>\n<p>&nbsp;<\/p>\n<p>&nbsp;<\/p>\n<p>&nbsp;<\/p>\n<p style=\"text-align: justify;\"><span style=\"font-family: times new roman, times, serif; font-size: 14pt;\"><strong><em><a href=\"http:\/\/blog.lesgrossesorchadeslesamplesthalameges.fr\/index.php\/2022\/06\/16\/allons-y-puisque-nous-y-sommes\/000-chat-lgbt\/\" rel=\"attachment wp-att-19209\"><img loading=\"lazy\" class=\"wp-image-19209 aligncenter\" src=\"http:\/\/blog.lesgrossesorchadeslesamplesthalameges.fr\/wp-content\/uploads\/2022\/06\/000.-CHAT-LGBT.gif\" alt=\"\" width=\"150\" height=\"150\" \/><\/a><\/em><\/strong><\/span><\/p>\n<p>&nbsp;<\/p>\n<p>&nbsp;<\/p>\n<p>&nbsp;<\/p>\n<p style=\"text-align: justify;\"><span style=\"font-family: times new roman, times, serif; font-size: 18pt; color: #c00000;\"><strong><em>Pour ceux qui ne seraient pas au courant\u2026<\/em><\/strong><\/span><\/p>\n<p style=\"text-align: justify;\"><span style=\"font-family: times new roman, times, serif; font-size: 14pt;\"><strong><em>\u00a0<\/em><\/strong><\/span><\/p>\n<p style=\"text-align: justify;\"><span style=\"font-family: times new roman, times, serif; font-size: 14pt;\"><strong><em>\u00a0<\/em><\/strong><\/span><\/p>\n<p style=\"text-align: center;\"><span style=\"font-family: times new roman, times, serif; font-size: 36pt;\"><strong>Une Gay Pride en Roumanie attaqu\u00e9e par des manifestants conservateurs<\/strong><\/span><\/p>\n<p>&nbsp;<\/p>\n<p style=\"text-align: center;\"><span style=\"font-family: times new roman, times, serif; font-size: 14pt;\"><strong>\u00a0<\/strong><\/span><\/p>\n<p style=\"text-align: center;\"><span style=\"font-family: times new roman, times, serif; font-size: 18pt;\"><strong>Madalin Necsutu \u2013 <em>Birn <\/em>\u2013 6.6.2022<\/strong><\/span><\/p>\n<p>&nbsp;<\/p>\n<p>&nbsp;<\/p>\n<p>&nbsp;<\/p>\n<p style=\"text-align: center;\"><a href=\"http:\/\/blog.lesgrossesorchadeslesamplesthalameges.fr\/index.php\/lgbt-pride-interdite-en-moldavie\/17-iasi-2\/\" rel=\"attachment wp-att-19245\"><img loading=\"lazy\" class=\"alignnone wp-image-19245 size-full\" src=\"http:\/\/blog.lesgrossesorchadeslesamplesthalameges.fr\/wp-content\/uploads\/2022\/06\/17.-Iasi-2.jpg\" alt=\"\" width=\"500\" height=\"281\" srcset=\"https:\/\/blog.lesgrossesorchadeslesamplesthalameges.fr\/wp-content\/uploads\/2022\/06\/17.-Iasi-2.jpg 500w, https:\/\/blog.lesgrossesorchadeslesamplesthalameges.fr\/wp-content\/uploads\/2022\/06\/17.-Iasi-2-300x169.jpg 300w\" sizes=\"(max-width: 500px) 100vw, 500px\" \/><\/a><\/p>\n<p style=\"text-align: center;\"><em><span style=\"font-family: times new roman, times, serif; font-size: 12pt;\"><strong>Un marcheur LGBTQ de Iasi tenant une banni\u00e8re avec le message \u00ab\u00a0L&rsquo;amour n&rsquo;a pas de genre\u00a0\u00bb, le 5 juin 2022, \u00e0 Iasi.<\/strong><\/span><\/em><\/p>\n<p>&nbsp;<\/p>\n<p>&nbsp;<\/p>\n<p>&nbsp;<\/p>\n<p style=\"text-align: justify;\"><span style=\"font-family: tahoma, arial, helvetica, sans-serif; font-size: 14pt;\"><strong>\u00c0 Iasi, dans l\u2019est de la Roumanie, des manifestants conservateurs et religieux ont bombard\u00e9 d&rsquo;\u0153ufs les participants \u00e0 une \u00ab\u00a0Parade de la Fiert\u00e9\u00a0\u00bb<\/strong><\/span><\/p>\n<p>&nbsp;<\/p>\n<p style=\"text-align: justify;\"><span style=\"font-family: times new roman, times, serif; font-size: 14pt;\">Un groupe de quelques centaines de personnes participant \u00e0 la marche des fiert\u00e9s de Iasi, dans la plus grande ville de l&rsquo;est de la Roumanie, dimanche apr\u00e8s-midi,\u00a0 a \u00e9t\u00e9 attaqu\u00e9 par des manifestants conservateurs et religieux.<\/span><\/p>\n<p>&nbsp;<\/p>\n<p style=\"text-align: justify;\"><span style=\"font-family: times new roman, times, serif; font-size: 14pt;\">Le d\u00e9fil\u00e9, organis\u00e9 par l&rsquo;association RISE OUT <em>[en anglais of course, NdE]<\/em> pour la deuxi\u00e8me fois cette ann\u00e9e, a vu des centaines de personnes marcher vers le centre-ville, o\u00f9 elles ont \u00e9t\u00e9 attaqu\u00e9es par un groupe de dizaines de personnes, pour la plupart v\u00eatues de T-shirts blancs et portant des symboles religieux.<\/span><\/p>\n<p>&nbsp;<\/p>\n<p style=\"text-align: justify;\"><span style=\"font-family: times new roman, times, serif; font-size: 14pt;\">Les manifestants anti-Pride ont scand\u00e9 \u00ab\u00a0Iasi n&rsquo;est pas Sodome\u00a0\u00bb, faisant r\u00e9f\u00e9rence \u00e0 la ville l\u00e9gendaire qui, selon la Bible, a \u00e9t\u00e9 d\u00e9truite par Dieu pour punir\u00a0 les hommes qui s\u2019y conduisaient mal. Ils ont ensuite attaqu\u00e9 les marcheurs de la Fiert\u00e9 en leur lan\u00e7ant des \u0153ufs et en faisant d\u00e9toner des p\u00e9tards.<\/span><\/p>\n<p>&nbsp;<\/p>\n<p style=\"text-align: justify;\"><span style=\"font-family: times new roman, times, serif; font-size: 14pt;\">Les marcheurs ont r\u00e9pondu en criant : \u00ab\u00a0Honte \u00e0 vous !\u00a0\u00bb<\/span><\/p>\n<p>&nbsp;<\/p>\n<p style=\"text-align: justify;\"><span style=\"font-family: times new roman, times, serif; font-size: 14pt;\">Un bus de la gendarmerie a s\u00e9par\u00e9 les deux groupes le long du parcours de la marche, et des agents ont \u00e9t\u00e9 d\u00e9ploy\u00e9s pour \u00e9viter que les tensions ne s&rsquo;enveniment.<\/span><\/p>\n<p>&nbsp;<\/p>\n<p style=\"text-align: justify;\"><span style=\"font-family: times new roman, times, serif; font-size: 14pt;\">Le clerg\u00e9 de l&rsquo;\u00c9glise orthodoxe roumaine s&rsquo;est prononc\u00e9 contre la marche des fiert\u00e9s, les repr\u00e9sentants de l&rsquo;archidioc\u00e8se de Iasi faisant valoir que le premier dimanche apr\u00e8s le 1er juin est un jour sp\u00e9cial pour les familles chr\u00e9tiennes, puisqu&rsquo;il a \u00e9t\u00e9 consacr\u00e9 par le Saint-Synode de l&rsquo;\u00c9glise orthodoxe roumaine comme le \u00ab\u00a0dimanche des p\u00e8res et des enfants\u00a0\u00bb.<\/span><\/p>\n<p>&nbsp;<\/p>\n<p style=\"text-align: justify;\"><span style=\"font-family: times new roman, times, serif; font-size: 14pt;\">Les organis<\/span><span style=\"font-family: times new roman, times, serif; font-size: 14pt;\">ateurs de la marche ont r\u00e9pondu qu&rsquo;ils n&rsquo;avaient pas eu l\u2019intention de provoquer d&rsquo;offense.<\/span><\/p>\n<p>&nbsp;<\/p>\n<p style=\"text-align: justify;\"><span style=\"font-family: times new roman, times, serif; font-size: 14pt;\">\u00ab\u00a0Nous respectons les droits de tous, y compris les droits religieux, et l&rsquo;intention de la marche <em>Iasi Pride 2022<\/em> est de cr\u00e9er une visibilit\u00e9 pour la communaut\u00e9 LGBTQ et les personnes souvent marginalis\u00e9es par les autorit\u00e9s et l\u00e9s\u00e9es par la loi nationale\u00a0\u00bb, ont-ils d\u00e9clar\u00e9.<\/span><\/p>\n<p>&nbsp;<\/p>\n<p style=\"text-align: justify;\"><span style=\"font-family: times new roman, times, serif; font-size: 14pt;\">En Roumanie, les r\u00e9actions \u00e0 la marche ont \u00e9t\u00e9 divis\u00e9es.<\/span><\/p>\n<p>&nbsp;<\/p>\n<p style=\"text-align: justify;\"><span style=\"font-family: times new roman, times, serif; font-size: 14pt;\">Dans un \u00e9ditorial publi\u00e9 sur le site Mediafax, l&rsquo;historien Marius Oprea a \u00e9crit lundi que \u00ab\u00a0soutenir une minorit\u00e9 ne fait pas automatiquement de vous une meilleure personne\u00a0\u00bb et que les manifestants avaient, bien s\u00fbr, d\u00e9lib\u00e9r\u00e9ment choisi d&rsquo;organiser le d\u00e9fil\u00e9 le jour de la f\u00eate chr\u00e9tienne orthodoxe.<\/span><\/p>\n<p>&nbsp;<\/p>\n<p style=\"text-align: justify;\"><span style=\"font-family: times new roman, times, serif; font-size: 14pt;\">Mais l&rsquo;association <em>Accept,<\/em> qui fait campagne pour les droits des personnes LGBT, s&rsquo;est dite satisfaite de l&rsquo;\u00e9v\u00e9nement \u00e0 Iasi.<\/span><\/p>\n<p>&nbsp;<\/p>\n<p style=\"text-align: justify;\"><span style=\"font-family: times new roman, times, serif; font-size: 14pt;\">\u00ab\u00a0Nous sommes ravis de participer \u00e0 la deuxi\u00e8me \u00e9dition de la Iasi Pride. Rendez-vous l&rsquo;ann\u00e9e prochaine\u00a0\u00bb, a d\u00e9clar\u00e9 l&rsquo;association sur sa page Facebook.<\/span><\/p>\n<p>&nbsp;<\/p>\n<p>&nbsp;<\/p>\n<p style=\"text-align: left;\"><span style=\"font-family: times new roman, times, serif; font-size: 18pt; color: #c00000;\"><strong><em>C\u2019est dr\u00f4le, non\u00a0?\u2026 George Soros est pourtant un p\u00e8re de famille.<\/em><\/strong><\/span><\/p>\n<p style=\"text-align: justify;\"><span style=\"font-family: times new roman, times, serif; font-size: 14pt;\"><strong><em>\u00a0<\/em><\/strong><\/span><\/p>\n<p>&nbsp;<\/p>\n<p style=\"text-align: justify;\"><span style=\"font-family: times new roman, times, serif; font-size: 14pt;\"><strong><em>\u00a0<a href=\"http:\/\/blog.lesgrossesorchadeslesamplesthalameges.fr\/index.php\/2022\/06\/16\/allons-y-puisque-nous-y-sommes\/000-chat-lgbt\/\" rel=\"attachment wp-att-19209\"><img loading=\"lazy\" class=\"wp-image-19209 aligncenter\" src=\"http:\/\/blog.lesgrossesorchadeslesamplesthalameges.fr\/wp-content\/uploads\/2022\/06\/000.-CHAT-LGBT.gif\" alt=\"\" width=\"150\" height=\"150\" \/><\/a><\/em><\/strong><\/span><\/p>\n<p style=\"text-align: justify;\"><span style=\"font-family: times new roman, times, serif; font-size: 14pt;\"><strong><em>\u00a0<\/em><\/strong><\/span><\/p>\n<p>&nbsp;<\/p>\n<p style=\"text-align: justify;\"><span style=\"color: #c00000;\"><strong><span style=\"font-family: times new roman, times, serif; font-size: 14pt;\"><em><span style=\"font-size: 18pt;\">Oh, mais ce n\u2019est pas tout.<\/span> <\/em><\/span><\/strong><\/span><\/p>\n<p style=\"text-align: justify;\"><span style=\"font-family: times new roman, times, serif; font-size: 14pt;\"><em>\u00a0<\/em><\/span><\/p>\n<p>&nbsp;<\/p>\n<p style=\"text-align: left;\"><span style=\"font-family: times new roman, times, serif; font-size: 18pt;\">MOLDAVIE. LA COUR EUROP\u00c9ENNE DES DROITS DE L\u2019HOMME R\u00c9AFFIRME LA LIBERT\u00c9 DE R\u00c9UNION DES PERSONNES LESBIENNES, GAYS, BISEXUELLES ET TRANSGENRES<\/span><\/p>\n<p>&nbsp;<\/p>\n<p>&nbsp;<\/p>\n<p>&nbsp;<\/p>\n<p style=\"text-align: center;\"><a href=\"http:\/\/blog.lesgrossesorchadeslesamplesthalameges.fr\/index.php\/lgbt-pride-interdite-en-moldavie\/18-iasi-3\/\" rel=\"attachment wp-att-19246\"><img loading=\"lazy\" class=\"alignnone wp-image-19246\" src=\"http:\/\/blog.lesgrossesorchadeslesamplesthalameges.fr\/wp-content\/uploads\/2022\/06\/18.-Iasi-3..jpg\" alt=\"\" width=\"400\" height=\"163\" \/><\/a><\/p>\n<p>&nbsp;<\/p>\n<p>&nbsp;<\/p>\n<p style=\"text-align: justify;\"><span style=\"font-family: times new roman, times, serif; font-size: 14pt;\">Le 12 juin dernier <em>[2005, NdE] <\/em>, la Cour europ\u00e9enne des droits de l\u2019homme a jug\u00e9 que l\u2019interdiction d\u2019une manifestation des personnes lesbiennes, gays, bisexuelles et transgenres (LGBT) en mai 2005 en Moldavie constituait une violation de la Convention de sauvegarde des droits de l\u2019homme et des libert\u00e9s fondamentales.<\/span><\/p>\n<p style=\"text-align: right;\"><a href=\"https:\/\/www.amnesty.be\/infos\/actualites\/article\/moldavie-la-cour-europeenne-des\"><span style=\"font-family: arial black, sans-serif; font-size: 14pt;\"><strong>Lire la suite\u2026<\/strong><\/span><\/a><\/p>\n<p>&nbsp;<\/p>\n<p style=\"text-align: justify;\"><span style=\"font-family: times new roman, times, serif; font-size: 14pt;\">Source\u00a0: <a href=\"https:\/\/www.amnesty.be\/infos\/actualites\/article\/moldavie-la-cour-europeenne-des\">https:\/\/www.amnesty.be\/infos\/actualites\/article\/moldavie-la-cour-europeenne-des <\/a><\/span><\/p>\n<p style=\"text-align: justify;\"><span style=\"font-family: times new roman, times, serif; font-size: 14pt;\"><strong><em>\u00a0<\/em><\/strong><\/span><\/p>\n<p style=\"text-align: justify;\"><span style=\"font-family: times new roman, times, serif; font-size: 14pt;\"><strong><em>\u00a0<\/em><\/strong><\/span><\/p>\n<p style=\"text-align: justify;\"><span style=\"font-family: times new roman, times, serif; font-size: 14pt;\"><strong><em>\u00a0<a href=\"http:\/\/blog.lesgrossesorchadeslesamplesthalameges.fr\/index.php\/2022\/06\/16\/allons-y-puisque-nous-y-sommes\/000-chat-lgbt\/\" rel=\"attachment wp-att-19209\"><img loading=\"lazy\" class=\"wp-image-19209 aligncenter\" src=\"http:\/\/blog.lesgrossesorchadeslesamplesthalameges.fr\/wp-content\/uploads\/2022\/06\/000.-CHAT-LGBT.gif\" alt=\"\" width=\"150\" height=\"150\" \/><\/a><\/em><\/strong><\/span><\/p>\n<p style=\"text-align: justify;\"><span style=\"font-family: times new roman, times, serif; font-size: 14pt;\"><strong><em>\u00a0<\/em><\/strong><\/span><\/p>\n<p>&nbsp;<\/p>\n<p style=\"text-align: justify;\"><span style=\"font-family: times new roman, times, serif; font-size: 18pt; color: #c00000;\"><strong><em>\u2018tention\u2026 \u00e7a dure depuis le d\u00e9but des ann\u00e9es 2000\u00a0:<\/em><\/strong><\/span><\/p>\n<p style=\"text-align: justify;\"><span style=\"font-family: times new roman, times, serif; font-size: 14pt;\"><strong><em>\u00a0<\/em><\/strong><\/span><\/p>\n<p>&nbsp;<\/p>\n<p style=\"text-align: justify;\"><span style=\"font-family: times new roman, times, serif; font-size: 14pt;\"><strong><em>\u00a0<\/em><\/strong><\/span><\/p>\n<p style=\"text-align: justify; padding-left: 120px;\"><strong><span style=\"font-family: arial, helvetica, sans-serif; font-size: 20pt;\"><em>L&rsquo;ing\u00e9rence abusive du pr\u00e9sident<\/em><\/span><\/strong><\/p>\n<p style=\"text-align: justify; padding-left: 120px;\"><span style=\"font-family: arial, helvetica, sans-serif; font-size: 14pt;\">Et comme si ces propositions de loi homophobes ne suffisaient pas, le pr\u00e9sident de Moldavie,\u00a0<strong>Igor Dodon<\/strong>, a d\u00e9clar\u00e9 en mai dernier via une publication sur Facebook qu&rsquo;il \u00e9tait \u00ab\u00a0cat\u00e9goriquement oppos\u00e9 \u00e0 la Marche LGBT, car celle-ci va ouvertement \u00e0 l&rsquo;encontre de nos valeurs traditionnelles, de notre morale et religion orthodoxes [&#8230;] Ni moi, ni la soci\u00e9t\u00e9 dans son ensemble ne peut les [<em>les personnes LGBT<\/em>] accepter et ne les acceptera pas\u00a0\u00bb.<\/span><\/p>\n<p style=\"text-align: justify; padding-left: 120px;\"><span style=\"font-family: arial, helvetica, sans-serif; font-size: 14pt;\"><strong><em>\u00a0<\/em><\/strong><\/span><\/p>\n<p>&nbsp;<\/p>\n<p>&nbsp;<\/p>\n<p style=\"text-align: left;\"><span style=\"font-family: times new roman, times, serif; font-size: 18pt; color: #c00000;\"><strong><em>C\u2019\u00e9tait en 2017.<br \/>\n<\/em><\/strong><\/span><\/p>\n<p style=\"text-align: left;\"><span style=\"font-family: times new roman, times, serif; font-size: 18pt; color: #c00000;\"><strong><em>Depuis, ils ont eu sa peau \u00e0 Igor Dodon. <\/em><\/strong><\/span><\/p>\n<p style=\"text-align: left;\"><span style=\"font-family: times new roman, times, serif; font-size: 18pt; color: #c00000;\"><strong><em>Qui\u00a0? Les LGBTQ\u00a0?<\/em><\/strong><\/span><\/p>\n<p style=\"text-align: left;\"><span style=\"font-family: times new roman, times, serif; font-size: 18pt; color: #c00000;\"><strong><em>Reconnaissons-le, les octog\u00e9naires ne l\u00e2chent pas ais\u00e9ment prise\u2026 et il y en a qui ont vraiment beaucoup de moyens. Quand leurs troupes sont fatigu\u00e9es, ils en recrutent d\u2019autres. Que \u00e7a ne d\u00e9range pas d\u2019\u00e9taler leur libido sur la voie publique ou de faire semblant pourvu qu\u2019on les paie.<\/em><\/strong><\/span><\/p>\n<p style=\"text-align: left;\"><span style=\"font-family: times new roman, times, serif; font-size: 14pt; color: #c00000;\"><strong><em><span style=\"font-size: 18pt;\">Et c\u2019est reparti pour un tour, avec des institutions europ\u00e9o-internationales pour l\u00e9gif\u00e9rer dans le sens qui d\u00e9truira le<\/span> <span style=\"font-size: 18pt;\">plus possible les soci\u00e9t\u00e9s condamn\u00e9es \u00e0 se laisser imposer la loi des vieux oligarques m\u00eame plus en \u00e9tat d&rsquo;\u00eatre \u00e0 voile ou \u00e0 vapeur.<\/span><\/em><\/strong><\/span><\/p>\n<p style=\"text-align: left;\"><span style=\"font-family: times new roman, times, serif; font-size: 18pt; color: #c00000;\"><strong><em>Dommage que la Cour Europ\u00e9enne des Droits de l\u2019Homme n\u2019ait jamais eu le temps de s\u2019occuper s\u00e9rieusement des droits des Palestiniens ni de ceux de Julian Assange\u2026<\/em><\/strong><\/span><\/p>\n<p style=\"text-align: left;\"><span style=\"font-family: times new roman, times, serif; font-size: 18pt; color: #c00000;\"><strong><em>Ah, c\u2019est qu\u2019on ne peut pas \u00eatre \u00e0 la fois \u00eatre au four et au moulin, voyez-vous.<\/em><\/strong><\/span><\/p>\n<p style=\"text-align: justify;\"><span style=\"font-family: times new roman, times, serif; font-size: 14pt; color: #c00000;\"><strong><em>\u00a0<\/em><\/strong><\/span><\/p>\n<p><strong><span style=\"font-family: times new roman, times, serif; font-size: 14pt;\">\u00a0URL de cet article : <\/span><\/strong><a href=\"http:\/\/blog.lesgrossesorchadeslesamplesthalameges.fr\/index.php\/lgbt-pride-interdite-en-moldavie\/\"><span style=\"font-family: times new roman, times, serif; font-size: 14pt;\">http:\/\/blog.lesgrossesorchadeslesamplesthalameges.fr\/index.php\/lgbt-pride-interdite-en-moldavie\/<\/span><\/a><strong><em><br \/>\n<\/em><\/strong><\/p>\n<p>&nbsp;<\/p>\n<p>&nbsp;<\/p>\n<p>&nbsp;<\/p>\n<p style=\"text-align: center;\"><strong><em>\u00a0<a href=\"http:\/\/blog.lesgrossesorchadeslesamplesthalameges.fr\/index.php\/2022\/06\/16\/allons-y-puisque-nous-y-sommes\/000-chat-lgbt\/\" rel=\"attachment wp-att-19209\"><img loading=\"lazy\" class=\"alignnone wp-image-19209\" src=\"http:\/\/blog.lesgrossesorchadeslesamplesthalameges.fr\/wp-content\/uploads\/2022\/06\/000.-CHAT-LGBT.gif\" alt=\"\" width=\"150\" height=\"150\" \/><\/a><\/em><\/strong><\/p>\n<p><strong><em>\u00a0<\/em><\/strong><\/p>\n<p><strong><em>\u00a0<\/em><\/strong><\/p>\n<p style=\"text-align: right;\"><span style=\"font-family: comic sans ms, sans-serif; font-size: 14pt;\">Juin 2022<\/span><\/p>\n<p>&nbsp;<\/p>\n<p>&nbsp;<\/p>\n","protected":false},"excerpt":{"rendered":"<p>&nbsp; &nbsp; &nbsp; &nbsp; &nbsp; &nbsp; &nbsp; &nbsp; Droits des seize vari\u00e9t\u00e9s de gays, lesbiennes, etc. &nbsp; &nbsp; &nbsp; LGBT Pride interdite en Moldavie &nbsp; &nbsp; point.md\/ru \u2013 5.6.20221 &nbsp; &nbsp; &nbsp; &nbsp; Hier a d\u00e9but\u00e9 \u00e0 Chisinau le 21\u00e8me Festival des Fiert\u00e9s de Moldavie, o\u00f9 plusieurs \u00e9v\u00e9nements sont pr\u00e9vus. &nbsp; Le russophile Ion Cheban,&#8230;<\/p>\n","protected":false},"author":1,"featured_media":0,"parent":0,"menu_order":0,"comment_status":"closed","ping_status":"closed","template":"","meta":[],"_links":{"self":[{"href":"https:\/\/blog.lesgrossesorchadeslesamplesthalameges.fr\/index.php\/wp-json\/wp\/v2\/pages\/19244"}],"collection":[{"href":"https:\/\/blog.lesgrossesorchadeslesamplesthalameges.fr\/index.php\/wp-json\/wp\/v2\/pages"}],"about":[{"href":"https:\/\/blog.lesgrossesorchadeslesamplesthalameges.fr\/index.php\/wp-json\/wp\/v2\/types\/page"}],"author":[{"embeddable":true,"href":"https:\/\/blog.lesgrossesorchadeslesamplesthalameges.fr\/index.php\/wp-json\/wp\/v2\/users\/1"}],"replies":[{"embeddable":true,"href":"https:\/\/blog.lesgrossesorchadeslesamplesthalameges.fr\/index.php\/wp-json\/wp\/v2\/comments?post=19244"}],"version-history":[{"count":12,"href":"https:\/\/blog.lesgrossesorchadeslesamplesthalameges.fr\/index.php\/wp-json\/wp\/v2\/pages\/19244\/revisions"}],"predecessor-version":[{"id":19258,"href":"https:\/\/blog.lesgrossesorchadeslesamplesthalameges.fr\/index.php\/wp-json\/wp\/v2\/pages\/19244\/revisions\/19258"}],"wp:attachment":[{"href":"https:\/\/blog.lesgrossesorchadeslesamplesthalameges.fr\/index.php\/wp-json\/wp\/v2\/media?parent=19244"}],"curies":[{"name":"wp","href":"https:\/\/api.w.org\/{rel}","templated":true}]}}