{"id":19760,"date":"2022-07-09T18:38:21","date_gmt":"2022-07-09T16:38:21","guid":{"rendered":"http:\/\/blog.lesgrossesorchadeslesamplesthalameges.fr\/?page_id=19760"},"modified":"2022-07-09T18:39:43","modified_gmt":"2022-07-09T16:39:43","slug":"19760-2","status":"publish","type":"page","link":"https:\/\/blog.lesgrossesorchadeslesamplesthalameges.fr\/index.php\/19760-2\/","title":{"rendered":"L\u2019Ukraine comme un trou noir"},"content":{"rendered":"<p>&nbsp;<\/p>\n<p>&nbsp;<\/p>\n<p>&nbsp;<\/p>\n<p>&nbsp;<\/p>\n<p>&nbsp;<\/p>\n<p>&nbsp;<\/p>\n<p>&nbsp;<\/p>\n<p>&nbsp;<\/p>\n<p>&nbsp;<\/p>\n<p>&nbsp;<\/p>\n<p style=\"text-align: center;\"><span style=\"font-family: times new roman, times, serif; font-size: 36pt;\"><strong>L\u2019Ukraine comme un trou noir<\/strong><\/span><\/p>\n<p style=\"text-align: center;\"><span style=\"font-family: times new roman, times, serif; font-size: 36pt;\"><strong>\u00a0<\/strong><\/span><\/p>\n<p style=\"text-align: center;\"><span style=\"font-family: times new roman, times, serif; font-size: 18pt;\"><strong>R\u00e9gis de Castelnau \u2013 Vu du droit \u2013 8.7.2022<\/strong><\/span><\/p>\n<p>&nbsp;<\/p>\n<p>&nbsp;<\/p>\n<p>&nbsp;<\/p>\n<p style=\"text-align: center;\"><a href=\"http:\/\/blog.lesgrossesorchadeslesamplesthalameges.fr\/?attachment_id=19738\" rel=\"attachment wp-att-19738\"><img loading=\"lazy\" class=\"alignnone wp-image-19738 size-full\" src=\"http:\/\/blog.lesgrossesorchadeslesamplesthalameges.fr\/wp-content\/uploads\/2022\/07\/9.-Trou-de-Castelnau.jpg\" alt=\"\" width=\"600\" height=\"408\" srcset=\"https:\/\/blog.lesgrossesorchadeslesamplesthalameges.fr\/wp-content\/uploads\/2022\/07\/9.-Trou-de-Castelnau.jpg 600w, https:\/\/blog.lesgrossesorchadeslesamplesthalameges.fr\/wp-content\/uploads\/2022\/07\/9.-Trou-de-Castelnau-300x204.jpg 300w\" sizes=\"(max-width: 600px) 100vw, 600px\" \/><\/a><\/p>\n<p>&nbsp;<\/p>\n<p>&nbsp;<\/p>\n<p>&nbsp;<\/p>\n<p style=\"text-align: justify;\"><span style=\"font-family: tahoma, arial, helvetica, sans-serif; font-size: 14pt;\"><strong>J\u2019ai fait quelque chose de tr\u00e8s mal et je crois n\u00e9cessaire \u00e0 ce stade de me confesser. Sur la base d\u2019une information donn\u00e9e par un ami en g\u00e9n\u00e9ral tr\u00e8s bien inform\u00e9 des choses de la guerre et de l\u2019armement, j\u2019avais publi\u00e9 le 20 juin un tweet ainsi libell\u00e9 : <\/strong><\/span><\/p>\n<p>&nbsp;<\/p>\n<p style=\"text-align: justify;\"><span style=\"font-family: times new roman, times, serif; font-size: 14pt;\">\u00ab Encore une r\u00e9ussite de Macron : 2 canons Caesar fran\u00e7ais ont \u00e9t\u00e9 intercept\u00e9s intacts par les russes. Ils sont actuellement dans l\u2019usine Uralvagonzavod dans l\u2019Oural pour \u00e9tude et r\u00e9tro ing\u00e9nierie \u00e9ventuelle. Merci Macron, c\u2019est nous qu\u2019on paye. \u00bb<\/span><\/p>\n<p>&nbsp;<\/p>\n<p>&nbsp;<\/p>\n<p>&nbsp;<\/p>\n<p style=\"text-align: center;\"><a href=\"http:\/\/blog.lesgrossesorchadeslesamplesthalameges.fr\/?attachment_id=19739\" rel=\"attachment wp-att-19739\"><img loading=\"lazy\" class=\"alignnone wp-image-19739 size-full\" src=\"http:\/\/blog.lesgrossesorchadeslesamplesthalameges.fr\/wp-content\/uploads\/2022\/07\/10.-Cesar.png\" alt=\"\" width=\"600\" height=\"507\" srcset=\"https:\/\/blog.lesgrossesorchadeslesamplesthalameges.fr\/wp-content\/uploads\/2022\/07\/10.-Cesar.png 600w, https:\/\/blog.lesgrossesorchadeslesamplesthalameges.fr\/wp-content\/uploads\/2022\/07\/10.-Cesar-300x254.png 300w\" sizes=\"(max-width: 600px) 100vw, 600px\" \/><\/a><\/p>\n<p>&nbsp;<\/p>\n<p>&nbsp;<\/p>\n<p>&nbsp;<\/p>\n<p style=\"text-align: justify;\"><span style=\"font-family: times new roman, times, serif; font-size: 14pt;\">Compte tenu de l\u2019\u00e9tat de l\u2019arm\u00e9e ukrainienne plus proche de celle de Lon Nol au Cambodge avant la victoire des Khmers rouges, que de la Wehrmacht en 1941, et de la fiabilit\u00e9 habituelle de mon interlocuteur j\u2019ai pens\u00e9 que c\u2019\u00e9tait vrai. Soit que les deux canons avaient \u00e9t\u00e9 saisis, soit ce qui \u00e9tait \u00e9galement plausible, vendu par des militaires appartenant \u00e0 une des arm\u00e9es les plus corrompues du monde.<\/span><\/p>\n<p>&nbsp;<\/p>\n<p style=\"text-align: justify;\"><span style=\"font-family: times new roman, times, serif; font-size: 14pt;\">Je me suis compl\u00e8tement d\u00e9sint\u00e9ress\u00e9 de cette publication jusqu\u2019au moment o\u00f9 j\u2019ai \u00e9t\u00e9 contact\u00e9 par tout un tas de correspondants me demandant des pr\u00e9cisions. Et c\u2019est l\u00e0 que j\u2019ai vu que le message avait \u00e9t\u00e9 lik\u00e9 et retweet\u00e9 pr\u00e8s de 15\u00a0000 fois ! Cela a rapidement tourn\u00e9 \u00e0 la folie lorsque le r\u00e9seau Telegram s\u2019en est empar\u00e9, et que je me suis retrouv\u00e9 bombard\u00e9 par des dizaines de milliers de messages dans toutes les langues (russe en particulier) auxquels \u00e9videmment je ne comprenais rien. L\u2019usine Uralvagonzavod s\u2019est quand m\u00eame fendue d\u2019un message personnel me demandant de transmettre ses remerciements pour la fourniture des deux engins \u00e0 Emmanuel Macron. La presse de diff\u00e9rents pays s\u2019en est empar\u00e9e et la pol\u00e9mique a fait rage. Les d\u00e9bunkers atlantistes (Lib\u00e9ration, le Monde) s\u2019y sont coll\u00e9s en hululant \u00e0 la fake news, jusqu\u2019\u00e0 l\u2019\u00e9tat-major de l\u2019arm\u00e9e fran\u00e7aise publiant un d\u00e9menti un peu bizarre. Dans lequel il n\u2019\u00e9tait pas affirm\u00e9 que les deux canons \u00e9taient intacts entre les mains de l\u2019arm\u00e9e ukrainienne, mais que la r\u00e9cup\u00e9ration par les Russes n\u2019\u00e9tait pas prouv\u00e9e. Le meilleur moyen pour \u00e9viter une pol\u00e9mique finalement tr\u00e8s g\u00eanante, n\u2019aurait-il pas \u00e9t\u00e9 de justifier que le mat\u00e9riel \u00e9tait toujours entre les mains des ukrainiens et d\u2019en fournir la preuve ? Non, on a pr\u00e9f\u00e9r\u00e9 crier au charron de la \u00ab fake news \u00bb. La cr\u00e9dibilit\u00e9 de la propagande officielle \u00e9tant ce qu\u2019elle est, cela n\u2019a rien arrang\u00e9.<\/span><\/p>\n<p>&nbsp;<\/p>\n<p style=\"text-align: justify;\"><span style=\"font-family: times new roman, times, serif; font-size: 14pt;\">\u00a0J\u2019ai re\u00e7u un certain nombre d\u2019adjectifs, \u00e9logieux du c\u00f4t\u00e9 russe qui me qualifiaient \u00ab d\u2019avocat et homme politique c\u00e9l\u00e8bre \u00bb. Peut-\u00eatre le FSB a-t-il r\u00e9cup\u00e9r\u00e9 ma fiche dans les tiroirs de son pr\u00e9d\u00e9cesseur le KGB interrogation ? On \u00e9tait plus nuanc\u00e9 de l\u2019autre c\u00f4t\u00e9 puisque l\u2019on m\u2019annon\u00e7ait membre de la fachosph\u00e8re, d\u2019avocat pro-russe (ce qui est faux je suis prosovi\u00e9tique ce n\u2019est pas la m\u00eame chose), d\u2019avocat communiste, mais je n\u2019ai pas l\u2019impression que Canal+ m\u2019ait \u00e0 nouveau qualifi\u00e9 \u00ab d\u2019avocat catholique bien connu \u00bb. Chacun sait l\u2019immense chagrin que provoque chez moi ce genre de qualificatifs.<\/span><\/p>\n<p>&nbsp;<\/p>\n<p style=\"text-align: justify;\"><span style=\"font-family: times new roman, times, serif; font-size: 14pt;\">Alors qu\u2019en est-il aujourd\u2019hui ? Je suis retourn\u00e9 aux nouvelles et j\u2019ai entendu des confirmations toujours sans preuves mat\u00e9rielles. Avec quand m\u00eame un \u00e9l\u00e9ment nouveau, celui de confirmations discr\u00e8tes \u00e9manant de la sph\u00e8re militaire fran\u00e7aise.<\/span><\/p>\n<p>&nbsp;<\/p>\n<p style=\"text-align: justify;\"><span style=\"font-family: times new roman, times, serif; font-size: 14pt;\">Quelqu\u2019un de tr\u00e8s inform\u00e9 a affirm\u00e9 qu\u2019il ne m\u2019avait pas pris au s\u00e9rieux au d\u00e9part pensant \u00e0 une provocation de ma part. Ce qui est une calomnie, personne ne pouvant penser qu\u2019il m\u2019arrive de m\u2019y laisse aller\u2026 Mais que depuis ses recherches lui avait permis d\u2019acqu\u00e9rir la conviction que l\u2019histoire \u00e9tait r\u00e9elle.<\/span><\/p>\n<p>&nbsp;<\/p>\n<p style=\"text-align: justify;\"><span style=\"font-family: times new roman, times, serif; font-size: 14pt;\">. Mon message d\u00e9sinvolte du 20 juin est devenu viral et a semble-t-il fait du bruit dans Landerneau. Voici ce que j\u2019ai cru comprendre ces jours-ci. Je suis tr\u00e8s prudent et je ne peux dire autre chose que ce sc\u00e9nario est plausible. Est-ce la r\u00e9alit\u00e9 ? On verra.<\/span><\/p>\n<p>&nbsp;<\/p>\n<p style=\"text-align: justify;\"><span style=\"font-family: times new roman, times, serif; font-size: 14pt;\">Sur les 18 canons promis par la France 14 ont \u00e9t\u00e9 livr\u00e9s et il n\u2019y en aura pas plus puisque ces 14 canons repr\u00e9sentent d\u00e9j\u00e0 20% des canons dont dispose la France. Il faut 18 mois \u00e0 l\u2019entreprise Nexter pour fabriquer un Caesar. Sur les 14 dont dispose l\u2019Ukraine, deux auraient \u00e9t\u00e9 pris intacts par la Russie suite \u00e0 une op\u00e9ration commune entre Russes et Ukrainiens et Moscou les aurait achet\u00e9s \u00e0 des officiers ukrainiens pour 120\u00a0000 \u20ac les deux (ils ont co\u00fbt\u00e9 \u00e0 Paris 5 millions pi\u00e8ce), quatre auraient \u00e9t\u00e9 d\u00e9truits par la Russie. Quatre autres seraient en panne et doivent revenir en France pour r\u00e9paration. Il n\u2019en resterait donc plus que quatre en activit\u00e9. Je r\u00e9p\u00e8te que tout ceci demande \u00e0 \u00eatre confirm\u00e9, mais que si c\u2019est le cas nous sommes en pr\u00e9sence d\u2019un fiasco majeur.<\/span><\/p>\n<p>&nbsp;<\/p>\n<p style=\"text-align: justify;\"><span style=\"font-family: times new roman, times, serif; font-size: 14pt;\">D\u2019une mani\u00e8re g\u00e9n\u00e9rale, et c\u2019est l\u00e0 un probl\u00e8me consid\u00e9rable, une grande partie des armes livr\u00e9es par l\u2019Occident \u00e0 l\u2019Ukraine est rapidement d\u00e9truite par l\u2019artillerie russe \u00e0 peine mise en service. Mais plus grave, une autre partie se retrouve aussi aujourd\u2019hui en vente dans les march\u00e9s noirs des pays vassaux des USA en ex-Yougoslavie d\u2019o\u00f9 elles transitent rapidement vers la Lybie et l\u2019Afrique sub-saharienne pour se retourner contre les forces du G5. \u00c0 la suite de la destruction de deux Himars fournis par les \u00c9tats-Unis et imm\u00e9diatement d\u00e9truit par l\u2019artillerie russe, pol\u00e9miques font rage aux outre-Atlantique sur ce sc\u00e9nario qui se reproduit apr\u00e8s l\u2019Afghanistan et l\u2019Irak. Chez nous, on pr\u00e9f\u00e8re verrouiller dans une fuite en avant inepte et suicidaire.<\/span><\/p>\n<p>&nbsp;<\/p>\n<p style=\"text-align: justify;\"><span style=\"font-family: times new roman, times, serif; font-size: 14pt;\">Si ceci est fond\u00e9, il appara\u00eet que les membres europ\u00e9ens de l\u2019OTAN sont les dindons de la farce. Par refus de regarder les choses en face et l\u2019Ukraine comme le \u00ab pays trou noir \u00bb qu\u2019elle est. La propagande l\u2019a pr\u00e9sent\u00e9e comme un mod\u00e8le de d\u00e9mocratie occidentale. La v\u00e9rit\u00e9, c\u2019est qu\u2019il s\u2019agit d\u2019un des pays les plus corrompus du monde, entre les mains d\u2019une alliance entre des oligarques pr\u00e9dateurs et des mouvements n\u00e9onazis infiltr\u00e9s dans l\u2019administration et dans l\u2019arm\u00e9e. L\u2019obstination occidentale \u00e0 faire la guerre \u00e0 la Russie par ukrainiens interpos\u00e9s voue une partie du peuple de ce pays au malheur et l\u2019Europe \u00e0 une instabilit\u00e9 mortif\u00e8re.<\/span><\/p>\n<p>&nbsp;<\/p>\n<p style=\"text-align: justify;\"><span style=\"font-family: times new roman, times, serif; font-size: 14pt;\">Comme le disait Emmanuel Todd en juin 2014 apr\u00e8s Ma\u00efdan : \u00ab L\u2019Europe est peut-\u00eatre all\u00e9e chercher sa mort en Ukraine \u00bb.<\/span><\/p>\n<p>&nbsp;<\/p>\n<p style=\"text-align: justify;\"><span style=\"font-family: times new roman, times, serif; font-size: 14pt;\">Source\u00a0: <a href=\"https:\/\/www.vududroit.com\/2022\/07\/lukraine-comme-un-trou-noir\/\">https:\/\/www.vududroit.com\/2022\/07\/lukraine-comme-un-trou-noir\/<\/a>\u00a0<\/span><\/p>\n<p>&nbsp;<\/p>\n<p style=\"text-align: left;\"><span style=\"font-family: times new roman, times, serif; font-size: 14pt;\"><strong>URL de cet article :<\/strong> <a href=\"http:\/\/blog.lesgrossesorchadeslesamplesthalameges.fr\/index.php\/19760-2\/\">http:\/\/blog.lesgrossesorchadeslesamplesthalameges.fr\/index.php\/19760-2\/<\/a><strong><br \/>\n<\/strong><\/span><\/p>\n<p style=\"text-align: justify;\"><span style=\"font-family: times new roman, times, serif; font-size: 14pt;\"><strong>\u00a0<\/strong><\/span><\/p>\n<p>&nbsp;<\/p>\n<p style=\"text-align: center;\"><a href=\"http:\/\/blog.lesgrossesorchadeslesamplesthalameges.fr\/?attachment_id=19733\" rel=\"attachment wp-att-19733\"><img loading=\"lazy\" class=\"alignnone size-full wp-image-19733\" src=\"http:\/\/blog.lesgrossesorchadeslesamplesthalameges.fr\/wp-content\/uploads\/2022\/07\/000.-dangerous-times.gif\" alt=\"\" width=\"70\" height=\"63\" \/><\/a><\/p>\n<p>&nbsp;<\/p>\n<p>&nbsp;<\/p>\n<p style=\"text-align: right;\"><span style=\"font-family: comic sans ms, sans-serif; font-size: 14pt;\">Juillet 2022<\/span><\/p>\n<p>&nbsp;<\/p>\n<p>&nbsp;<\/p>\n","protected":false},"excerpt":{"rendered":"<p>&nbsp; &nbsp; &nbsp; &nbsp; &nbsp; &nbsp; &nbsp; &nbsp; &nbsp; &nbsp; L\u2019Ukraine comme un trou noir \u00a0 R\u00e9gis de Castelnau \u2013 Vu du droit \u2013 8.7.2022 &nbsp; &nbsp; &nbsp; &nbsp; &nbsp; &nbsp; J\u2019ai fait quelque chose de tr\u00e8s mal et je crois n\u00e9cessaire \u00e0 ce stade de me confesser. Sur la base d\u2019une information donn\u00e9e par&#8230;<\/p>\n","protected":false},"author":1,"featured_media":0,"parent":0,"menu_order":0,"comment_status":"open","ping_status":"open","template":"","meta":[],"_links":{"self":[{"href":"https:\/\/blog.lesgrossesorchadeslesamplesthalameges.fr\/index.php\/wp-json\/wp\/v2\/pages\/19760"}],"collection":[{"href":"https:\/\/blog.lesgrossesorchadeslesamplesthalameges.fr\/index.php\/wp-json\/wp\/v2\/pages"}],"about":[{"href":"https:\/\/blog.lesgrossesorchadeslesamplesthalameges.fr\/index.php\/wp-json\/wp\/v2\/types\/page"}],"author":[{"embeddable":true,"href":"https:\/\/blog.lesgrossesorchadeslesamplesthalameges.fr\/index.php\/wp-json\/wp\/v2\/users\/1"}],"replies":[{"embeddable":true,"href":"https:\/\/blog.lesgrossesorchadeslesamplesthalameges.fr\/index.php\/wp-json\/wp\/v2\/comments?post=19760"}],"version-history":[{"count":7,"href":"https:\/\/blog.lesgrossesorchadeslesamplesthalameges.fr\/index.php\/wp-json\/wp\/v2\/pages\/19760\/revisions"}],"predecessor-version":[{"id":19767,"href":"https:\/\/blog.lesgrossesorchadeslesamplesthalameges.fr\/index.php\/wp-json\/wp\/v2\/pages\/19760\/revisions\/19767"}],"wp:attachment":[{"href":"https:\/\/blog.lesgrossesorchadeslesamplesthalameges.fr\/index.php\/wp-json\/wp\/v2\/media?parent=19760"}],"curies":[{"name":"wp","href":"https:\/\/api.w.org\/{rel}","templated":true}]}}