{"id":20323,"date":"2022-08-24T19:48:11","date_gmt":"2022-08-24T17:48:11","guid":{"rendered":"http:\/\/blog.lesgrossesorchadeslesamplesthalameges.fr\/?page_id=20323"},"modified":"2022-08-24T19:49:15","modified_gmt":"2022-08-24T17:49:15","slug":"chez-les-merdias","status":"publish","type":"page","link":"https:\/\/blog.lesgrossesorchadeslesamplesthalameges.fr\/index.php\/chez-les-merdias\/","title":{"rendered":"Chez les merdias"},"content":{"rendered":"<p>&nbsp;<\/p>\n<p>&nbsp;<\/p>\n<p>&nbsp;<\/p>\n<p>&nbsp;<\/p>\n<p>&nbsp;<\/p>\n<p>&nbsp;<\/p>\n<p>&nbsp;<\/p>\n<p><span style=\"font-family: times new roman, times, serif; font-size: 18pt; color: #c00000;\"><strong><em>Chez les merdias, o\u00f9 l\u2019\u00ab\u00a0id\u00e9ologue du Kremlin\u00a0\u00bb n\u2019attendait que le feu vert pour sortir des tiroirs<\/em><\/strong><\/span><\/p>\n<p><span style=\"font-family: times new roman, times, serif; font-size: 14pt;\"><strong><em>\u00a0<\/em><\/strong><\/span><\/p>\n<p>&nbsp;<\/p>\n<p>&nbsp;<\/p>\n<p style=\"text-align: center;\"><span style=\"font-family: times new roman, times, serif; font-size: 14pt;\"><strong><em>\u00a0<a href=\"http:\/\/blog.lesgrossesorchadeslesamplesthalameges.fr\/?attachment_id=20291\" rel=\"attachment wp-att-20291\"><img loading=\"lazy\" class=\"alignnone wp-image-20291\" src=\"http:\/\/blog.lesgrossesorchadeslesamplesthalameges.fr\/wp-content\/uploads\/2022\/08\/000.-LOGO-LE-SOIR.jpg\" alt=\"\" width=\"400\" height=\"70\" srcset=\"https:\/\/blog.lesgrossesorchadeslesamplesthalameges.fr\/wp-content\/uploads\/2022\/08\/000.-LOGO-LE-SOIR.jpg 600w, https:\/\/blog.lesgrossesorchadeslesamplesthalameges.fr\/wp-content\/uploads\/2022\/08\/000.-LOGO-LE-SOIR-300x53.jpg 300w\" sizes=\"(max-width: 400px) 100vw, 400px\" \/><\/a><\/em><\/strong><\/span><\/p>\n<p><span style=\"font-family: times new roman, times, serif; font-size: 14pt;\"><strong>\u00a0<\/strong><\/span><\/p>\n<p>&nbsp;<\/p>\n<p>&nbsp;<\/p>\n<p style=\"text-align: center;\"><span style=\"font-family: times new roman, times, serif; font-size: 36pt;\"><strong>L\u2019assassinat de la fille d\u2019un id\u00e9ologue du Kremlin pourrait annoncer une nouvelle radicalisation de la Russie<\/strong><\/span><\/p>\n<p>&nbsp;<\/p>\n<p>&nbsp;<\/p>\n<p style=\"text-align: justify;\"><span style=\"font-family: times new roman, times, serif; font-size: 14pt;\">Daria Douguina se trouvait au volant de la voiture de son p\u00e8re Alexandre Douguine, th\u00e9oricien derri\u00e8re \u00ab\u00a0l\u2019op\u00e9ration sp\u00e9ciale\u00a0\u00bb russe en Ukraine, lorsque le v\u00e9hicule a explos\u00e9. Les faucons en Russie accusent Kiev.<\/span><\/p>\n<p>&nbsp;<\/p>\n<p>&nbsp;<\/p>\n<p style=\"text-align: center;\"><span style=\"font-family: times new roman, times, serif; font-size: 14pt;\"><strong>Benjamin Quenelle<em> \u2013 Le Soir.be \u2013 21.8.2022<\/em><\/strong><\/span><\/p>\n<p>&nbsp;<\/p>\n<p>&nbsp;<\/p>\n<p>&nbsp;<\/p>\n<p style=\"text-align: center;\"><a href=\"http:\/\/blog.lesgrossesorchadeslesamplesthalameges.fr\/?attachment_id=20292\" rel=\"attachment wp-att-20292\"><img loading=\"lazy\" class=\"alignnone wp-image-20292\" src=\"http:\/\/blog.lesgrossesorchadeslesamplesthalameges.fr\/wp-content\/uploads\/2022\/08\/11.-Merdias-1-300x169.jpg\" alt=\"\" width=\"600\" height=\"338\" srcset=\"https:\/\/blog.lesgrossesorchadeslesamplesthalameges.fr\/wp-content\/uploads\/2022\/08\/11.-Merdias-1-300x169.jpg 300w, https:\/\/blog.lesgrossesorchadeslesamplesthalameges.fr\/wp-content\/uploads\/2022\/08\/11.-Merdias-1-768x432.jpg 768w, https:\/\/blog.lesgrossesorchadeslesamplesthalameges.fr\/wp-content\/uploads\/2022\/08\/11.-Merdias-1.jpg 864w\" sizes=\"(max-width: 600px) 100vw, 600px\" \/><\/a><\/p>\n<p style=\"text-align: justify;\"><span style=\"font-family: times new roman, times, serif; font-size: 14pt;\"><em>\u00a0<\/em><\/span><\/p>\n<p>&nbsp;<\/p>\n<p>&nbsp;<\/p>\n<p style=\"text-align: justify;\"><span style=\"font-family: times new roman, times, serif; font-size: 14pt;\">L\u2019assassinat pourrait avoir de graves cons\u00e9quences politiques en Russie. Et pousser le pr\u00e9sident Vladimir Poutine \u00e0 radicaliser plus encore sa position vis-\u00e0-vis de l\u2019Ukraine. A Moscou, les faucons n\u2019ont en effet pas tard\u00e9 \u00e0 r\u00e9agir apr\u00e8s la mort samedi de Daria Douguina, 29\u00a0ans, la fille d\u2019un des principaux id\u00e9ologues du chef du Kremlin, <a href=\"https:\/\/www.lesoir.be\/460767\/article\/2022-08-21\/lassassinat-de-la-fille-dun-ideologue-du-kremlin-pourrait-annoncer-une-nouvelle?utm_source=votrejournal&amp;utm_medium=newsletter_le_soir&amp;utm_campaign=votrejournal_22082022&amp;utm_term=lassassinat-de-la-fille-dun-ideologue-du-kremlin-pourrait-annoncer-une-nouvelle&amp;utm_content=Article%201&amp;m_i=Ogud60ENyibeYHki_pWMEr1uvvV8pR5rPbq5f2JcKlqgno1xKJcDgXB1xmq6TdGPqeTIhJaHa6czrQsFaYfDBQofKgTuOc&amp;m_i=21MButpJhFguBbYDalCsGkdrfOV4aLJrbN%2B_ndt0lOUYJ0xVeT%2B3Axx4NDIvclRljWmSB4WYbbE1S_kvctsoMn6x31cM2K&amp;M_BT=695726311081\">Alexandre Douguine<\/a>, 60 ans. Tous deux venaient d\u2019assister au festival \u00ab\u00a0Tradition\u00a0\u00bb, habituel rendez-vous nationaliste dans la grande banlieue de Moscou, \u00e0 une quarantaine de kilom\u00e8tres de la capitale. Un rassemblement politico-culturel o\u00f9 le public peut rencontrer quelques-unes des principales figures les plus conservatrices soutenant le r\u00e9gime de Vladimir Poutine.<\/span><\/p>\n<p style=\"text-align: justify;\"><span style=\"font-family: times new roman, times, serif; font-size: 14pt;\"><strong>\u00a0<\/strong><\/span><\/p>\n<p style=\"text-align: justify;\"><span style=\"font-family: times new roman, times, serif; font-size: 14pt;\"><strong>\u00a0<\/strong><\/span><\/p>\n<p style=\"text-align: center;\"><span style=\"font-family: times new roman, times, serif; font-size: 24pt;\"><strong>Cet article est r\u00e9serv\u00e9 aux abonn\u00e9s<\/strong><\/span><\/p>\n<p style=\"text-align: center;\"><span style=\"font-family: times new roman, times, serif; font-size: 14pt;\"><strong><span style=\"font-size: 18pt;\">D\u00e9couvrez la suite, 1\u20ac pour 1 mois<\/span> <\/strong><\/span><\/p>\n<p style=\"text-align: center;\"><span style=\"font-family: times new roman, times, serif; font-size: 14pt;\"><strong>(sans engagement)<\/strong><\/span><\/p>\n<p>&nbsp;<\/p>\n<p>&nbsp;<\/p>\n<p>&nbsp;<\/p>\n<p style=\"text-align: justify;\"><span style=\"font-family: times new roman, times, serif; font-size: 14pt;\">[L\u2019information en ligne ici\u00a0: <a href=\"https:\/\/www.lesoir.be\/460899\/article\/2022-08-22\/assassinat-de-la-fille-dun-proche-de-poutine-la-russie-accuse-lukraine-la-bombe\">Assassinat de la fille d\u2019un proche de Poutine: la Russie accuse l\u2019Ukraine, la bombe aurait \u00e9t\u00e9 d\u00e9clench\u00e9e \u00e0 distance &#8211; Le Soir<\/a>\u00a0 <strong>est assortie d\u2019une vid\u00e9o sur Vladimir Poutine, qui n\u2019est pas piqu\u00e9e des vers<\/strong>. <em>L.G.O.<\/em>]<\/span><\/p>\n<p>&nbsp;<\/p>\n<p>&nbsp;<\/p>\n<p style=\"text-align: center;\"><a href=\"http:\/\/blog.lesgrossesorchadeslesamplesthalameges.fr\/index.php\/chez-les-merdias\/000-cul-belge\/\" rel=\"attachment wp-att-20324\"><img loading=\"lazy\" class=\"alignnone size-full wp-image-20324\" src=\"http:\/\/blog.lesgrossesorchadeslesamplesthalameges.fr\/wp-content\/uploads\/2022\/08\/000.-cul-belge.gif\" alt=\"\" width=\"100\" height=\"100\" \/><\/a><\/p>\n<p>&nbsp;<\/p>\n<p>&nbsp;<\/p>\n<p>&nbsp;<\/p>\n<p style=\"text-align: left;\"><span style=\"font-family: times new roman, times, serif; font-size: 18pt; color: #c00000;\"><strong><em>Il faut parfois avoir le courage de mettre son nez dans le caca. Allons-y\u00a0:<\/em><\/strong><\/span><\/p>\n<p>&nbsp;<\/p>\n<p>&nbsp;<\/p>\n<p style=\"text-align: center;\"><strong><span style=\"font-family: times new roman, times, serif; font-size: 36pt;\">Zelensky met en garde : \u00ab\u00a0La Russie pourrait faire quelque chose de particuli\u00e8rement d\u00e9go\u00fbtant\u00a0\u00bb<\/span><\/strong><\/p>\n<p>&nbsp;<\/p>\n<p style=\"text-align: center;\"><span style=\"font-family: times new roman, times, serif; font-size: 22pt;\">Le pr\u00e9sident ukrainien dit craindre le Jour de l\u2019ind\u00e9pendance, le 24 ao\u00fbt.<\/span><\/p>\n<p>&nbsp;<\/p>\n<p>&nbsp;<\/p>\n<p>&nbsp;<\/p>\n<p style=\"text-align: center;\"><a href=\"http:\/\/blog.lesgrossesorchadeslesamplesthalameges.fr\/index.php\/chez-les-merdias\/12-merdias-2\/\" rel=\"attachment wp-att-20325\"><img loading=\"lazy\" class=\"alignnone wp-image-20325\" src=\"http:\/\/blog.lesgrossesorchadeslesamplesthalameges.fr\/wp-content\/uploads\/2022\/08\/12.-Merdias-2-300x169.jpg\" alt=\"\" width=\"500\" height=\"281\" srcset=\"https:\/\/blog.lesgrossesorchadeslesamplesthalameges.fr\/wp-content\/uploads\/2022\/08\/12.-Merdias-2-300x169.jpg 300w, https:\/\/blog.lesgrossesorchadeslesamplesthalameges.fr\/wp-content\/uploads\/2022\/08\/12.-Merdias-2-768x432.jpg 768w, https:\/\/blog.lesgrossesorchadeslesamplesthalameges.fr\/wp-content\/uploads\/2022\/08\/12.-Merdias-2.jpg 864w\" sizes=\"(max-width: 500px) 100vw, 500px\" \/><\/a><\/p>\n<p>&nbsp;<\/p>\n<p>&nbsp;<\/p>\n<p>&nbsp;<\/p>\n<p style=\"text-align: justify;\"><span style=\"font-family: times new roman, times, serif; font-size: 14pt;\">Par AFP<\/span><\/p>\n<p style=\"text-align: justify;\"><span style=\"font-family: times new roman, times, serif; font-size: 14pt;\">Publi\u00e9 le 21\/08\/2022<\/span><\/p>\n<p style=\"text-align: justify;\"><span style=\"font-family: times new roman, times, serif; font-size: 14pt;\">La Russie pourrait \u00ab\u00a0faire quelque chose de particuli\u00e8rement d\u00e9go\u00fbtant\u00a0\u00bb et \u00ab\u00a0cruel\u00a0\u00bb la semaine prochaine en Ukraine, lorsque cette derni\u00e8re f\u00eatera son Jour de l\u2019ind\u00e9pendance, a averti le pr\u00e9sident ukrainien, Volodymyr Zelensky.<\/span><\/p>\n<p style=\"text-align: justify;\"><span style=\"font-family: times new roman, times, serif; font-size: 14pt;\">\u00ab\u00a0La Russie pourrait s\u2019efforcer de faire quelque chose de particuli\u00e8rement d\u00e9go\u00fbtant, particuli\u00e8rement cruel\u00a0\u00bb, a d\u00e9clar\u00e9 M. Zelensky dans son adresse traditionnelle.<\/span><\/p>\n<p style=\"text-align: justify;\"><span style=\"font-family: times new roman, times, serif; font-size: 14pt;\">\u00ab\u00a0Un des objectifs clefs de l\u2019ennemi est de nous humilier\u00a0\u00bb, de \u00ab\u00a0semer l\u2019abattement, la peur et des conflits\u00a0\u00bb, mais \u00ab\u00a0nous devons \u00eatre suffisamment forts pour r\u00e9sister \u00e0 toute provocation\u00a0\u00bb et \u00ab\u00a0faire payer les occupants pour leur terreur\u00a0\u00bb, a-t-il ajout\u00e9.<\/span><\/p>\n<p>&nbsp;<\/p>\n<p style=\"text-align: justify; padding-left: 80px;\"><span style=\"font-family: arial, helvetica, sans-serif; font-size: 12pt;\">\u00c0 lire aussi <a href=\"https:\/\/www.lesoir.be\/460175\/article\/2022-08-17\/immersion-dans-la-base-secrete-britannique-ou-sentrainent-les-soldats-ukrainiens\">Immersion dans la base secr\u00e8te britannique o\u00f9 s\u2019entra\u00eenent les soldats ukrainiens<\/a><\/span><\/p>\n<p>&nbsp;<\/p>\n<p style=\"text-align: justify;\"><span style=\"font-family: times new roman, times, serif; font-size: 14pt;\">L\u2019Ukraine f\u00eate le 24 ao\u00fbt son ind\u00e9pendance de l\u2019URSS en 1991. Cette ann\u00e9e, cette date marquera aussi les six mois de l\u2019invasion russe qui a fait des dizaines de milliers de morts et caus\u00e9 des destructions massives dans ce pays.<\/span><\/p>\n<p>&nbsp;<\/p>\n<p>&nbsp;<\/p>\n<p style=\"text-align: center;\"><a href=\"http:\/\/blog.lesgrossesorchadeslesamplesthalameges.fr\/index.php\/chez-les-merdias\/000-cul-belge\/\" rel=\"attachment wp-att-20324\"><img loading=\"lazy\" class=\"alignnone size-full wp-image-20324\" src=\"http:\/\/blog.lesgrossesorchadeslesamplesthalameges.fr\/wp-content\/uploads\/2022\/08\/000.-cul-belge.gif\" alt=\"\" width=\"100\" height=\"100\" \/><\/a><\/p>\n<p>&nbsp;<\/p>\n<p>&nbsp;<\/p>\n<p style=\"text-align: left;\"><span style=\"font-family: times new roman, times, serif; font-size: 18pt; color: #c00000;\"><strong><em>Un peu de publicit\u00e9 pour le nazisme ne messied pas.\u00a0 Surtout avec un h\u00e9ros unijambiste pas tomb\u00e9 aux mains des Russes pour servir de faire-valoir.<\/em><\/strong><\/span><\/p>\n<p>&nbsp;<\/p>\n<p>&nbsp;<\/p>\n<p>&nbsp;<\/p>\n<p style=\"text-align: center;\"><a href=\"http:\/\/blog.lesgrossesorchadeslesamplesthalameges.fr\/index.php\/chez-les-merdias\/13-merdias-3\/\" rel=\"attachment wp-att-20326\"><img loading=\"lazy\" class=\"alignnone wp-image-20326\" src=\"http:\/\/blog.lesgrossesorchadeslesamplesthalameges.fr\/wp-content\/uploads\/2022\/08\/13.-Merdias-3-300x169.jpg\" alt=\"\" width=\"500\" height=\"281\" srcset=\"https:\/\/blog.lesgrossesorchadeslesamplesthalameges.fr\/wp-content\/uploads\/2022\/08\/13.-Merdias-3-300x169.jpg 300w, https:\/\/blog.lesgrossesorchadeslesamplesthalameges.fr\/wp-content\/uploads\/2022\/08\/13.-Merdias-3-768x432.jpg 768w, https:\/\/blog.lesgrossesorchadeslesamplesthalameges.fr\/wp-content\/uploads\/2022\/08\/13.-Merdias-3.jpg 864w\" sizes=\"(max-width: 500px) 100vw, 500px\" \/><\/a><\/p>\n<p>&nbsp;<\/p>\n<p>&nbsp;<\/p>\n<p>&nbsp;<\/p>\n<p style=\"text-align: center;\"><a href=\"http:\/\/blog.lesgrossesorchadeslesamplesthalameges.fr\/index.php\/chez-les-merdias\/000-cul-belge\/\" rel=\"attachment wp-att-20324\"><img loading=\"lazy\" class=\"alignnone size-full wp-image-20324\" src=\"http:\/\/blog.lesgrossesorchadeslesamplesthalameges.fr\/wp-content\/uploads\/2022\/08\/000.-cul-belge.gif\" alt=\"\" width=\"100\" height=\"100\" \/><\/a><\/p>\n<p>&nbsp;<\/p>\n<p>&nbsp;<\/p>\n<p style=\"text-align: center;\"><span style=\"font-family: times new roman, times, serif; font-size: 14pt;\"><a href=\"https:\/\/www.lesoir.be\/section\/348551\"><strong><span style=\"font-size: 24pt;\">Aussi en Guerre en Ukraine<\/span><\/strong><\/a><\/span><\/p>\n<p>&nbsp;<\/p>\n<p>&nbsp;<\/p>\n<p style=\"text-align: center;\"><a href=\"http:\/\/blog.lesgrossesorchadeslesamplesthalameges.fr\/index.php\/chez-les-merdias\/14-merdias-4\/\" rel=\"attachment wp-att-20327\"><img loading=\"lazy\" class=\"alignnone wp-image-20327 size-full\" src=\"http:\/\/blog.lesgrossesorchadeslesamplesthalameges.fr\/wp-content\/uploads\/2022\/08\/14.-Merdias-4.jpg\" alt=\"\" width=\"606\" height=\"341\" srcset=\"https:\/\/blog.lesgrossesorchadeslesamplesthalameges.fr\/wp-content\/uploads\/2022\/08\/14.-Merdias-4.jpg 606w, https:\/\/blog.lesgrossesorchadeslesamplesthalameges.fr\/wp-content\/uploads\/2022\/08\/14.-Merdias-4-300x169.jpg 300w\" sizes=\"(max-width: 606px) 100vw, 606px\" \/><\/a><\/p>\n<p>&nbsp;<\/p>\n<p>&nbsp;<\/p>\n<p style=\"text-align: center;\"><a href=\"http:\/\/blog.lesgrossesorchadeslesamplesthalameges.fr\/index.php\/chez-les-merdias\/000-cul-belge\/\" rel=\"attachment wp-att-20324\"><img loading=\"lazy\" class=\"alignnone size-full wp-image-20324\" src=\"http:\/\/blog.lesgrossesorchadeslesamplesthalameges.fr\/wp-content\/uploads\/2022\/08\/000.-cul-belge.gif\" alt=\"\" width=\"100\" height=\"100\" \/><\/a><\/p>\n<p>&nbsp;<\/p>\n<p>&nbsp;<\/p>\n<h3 style=\"text-align: justify;\"><span style=\"font-family: times new roman, times, serif; font-size: 14pt;\"><a href=\"https:\/\/www.lesoir.be\/449654\/article\/2022-06-20\/risque-de-famine-les-europeens-tentent-de-compenser-le-crime-de-guerre-du\">Risque de famine: les Europ\u00e9ens tentent de compenser le \u00ab\u00a0crime de guerre\u00a0\u00bb du Kremlin<\/a><\/span><\/h3>\n<p style=\"text-align: justify;\"><span style=\"font-family: times new roman, times, serif; font-size: 14pt;\">La guerre bloque des millions de tonnes de c\u00e9r\u00e9ales en Ukraine. L\u2019UE a du mal \u00e0 faire passer son message en Afrique mais ne baisse pas les bras.<\/span><\/p>\n<p style=\"text-align: justify;\"><span style=\"font-family: times new roman, times, serif; font-size: 14pt;\">Par <a href=\"https:\/\/www.lesoir.be\/6753\/dpi-authors\/philippe-regnier\">Philippe Regnier<\/a><\/span><\/p>\n<p>&nbsp;<\/p>\n<p style=\"text-align: center;\"><a href=\"http:\/\/blog.lesgrossesorchadeslesamplesthalameges.fr\/index.php\/chez-les-merdias\/000-cul-belge\/\" rel=\"attachment wp-att-20324\"><img loading=\"lazy\" class=\"alignnone size-full wp-image-20324\" src=\"http:\/\/blog.lesgrossesorchadeslesamplesthalameges.fr\/wp-content\/uploads\/2022\/08\/000.-cul-belge.gif\" alt=\"\" width=\"100\" height=\"100\" \/><\/a><\/p>\n<p>&nbsp;<\/p>\n<p>&nbsp;<\/p>\n<p style=\"text-align: justify;\"><span style=\"font-family: times new roman, times, serif; font-size: 18pt; color: #c00000;\"><strong><em>Nouvelle accessoire mais int\u00e9ressante\u00a0:<\/em><\/strong><\/span><\/p>\n<p>&nbsp;<\/p>\n<p>&nbsp;<\/p>\n<p style=\"text-align: center;\"><span style=\"font-family: times new roman, times, serif; font-size: 36pt;\"><strong>La police (belge) menace de faire la gr\u00e8ve dans les a\u00e9roports \u00e0 partir du 26 ao\u00fbt<\/strong><\/span><\/p>\n<p style=\"text-align: center;\"><span style=\"font-family: times new roman, times, serif; font-size: 36pt;\"><strong>\u00a0<\/strong><\/span><\/p>\n<p style=\"text-align: justify;\"><span style=\"font-size: 18pt;\"><span style=\"font-family: times new roman, times, serif;\"><strong>\u00a0<\/strong><\/span><span style=\"font-family: times new roman, times, serif;\"><strong>Ce que <em>Le Soir<\/em> ne vous dira pas<\/strong><\/span><\/span><\/p>\n<p style=\"text-align: justify;\"><span style=\"font-family: times new roman, times, serif; font-size: 14pt;\">(mais que nous savons par Alexandre Mercouris qui a mis douze heures pour aller d\u2019Ath\u00e8nes \u00e0 Londres en avion)\u00a0:<\/span><\/p>\n<p style=\"text-align: justify;\"><span style=\"font-family: times new roman, times, serif; font-size: 14pt;\">La police (britannique) et les personnels des a\u00e9roports de ce pays ne font pas la gr\u00e8ve. <strong>Ils ne vont pas travailler.<\/strong> Point barre. Parce qu\u2019ils ne sont pas pay\u00e9s et que tout ce qu\u2019ils doivent acheter pour survivre augmente.\u00a0(Explications re\u00e7ues des pilotes qui ne peuvent ni d\u00e9coller ni atterrir sans aide au sol.)<\/span><\/p>\n<p>&nbsp;<\/p>\n<p>&nbsp;<\/p>\n<p style=\"text-align: left;\"><span style=\"font-family: times new roman, times, serif; font-size: 18pt; color: #c00000;\"><strong><em>On n\u2019en finirait pas .Tout ceci n\u2019est qu\u2019un petit \u00e9chantillon de ce qui est inflig\u00e9 quotidiennement \u00e0\u00a0 un public priv\u00e9 d\u2019esprit critique et gav\u00e9 pire que des oies.<\/em><\/strong><\/span><\/p>\n<p style=\"text-align: justify;\"><span style=\"font-family: times new roman, times, serif; font-size: 14pt;\"><strong><em>\u00a0<\/em><\/strong><\/span><\/p>\n<p>&nbsp;<\/p>\n<p style=\"text-align: center;\"><span style=\"font-family: times new roman, times, serif; font-size: 14pt;\"><strong><em>\u00a0<a href=\"http:\/\/blog.lesgrossesorchadeslesamplesthalameges.fr\/index.php\/chez-les-merdias\/000-cul-belge\/\" rel=\"attachment wp-att-20324\"><img loading=\"lazy\" class=\"alignnone size-full wp-image-20324\" src=\"http:\/\/blog.lesgrossesorchadeslesamplesthalameges.fr\/wp-content\/uploads\/2022\/08\/000.-cul-belge.gif\" alt=\"\" width=\"100\" height=\"100\" \/><\/a><\/em><\/strong><\/span><\/p>\n<p>&nbsp;<\/p>\n<p>&nbsp;<\/p>\n<p style=\"text-align: left;\"><strong><span style=\"font-family: times new roman, times, serif; font-size: 14pt;\">URL de cet article : <\/span><\/strong><a href=\"http:\/\/blog.lesgrossesorchadeslesamplesthalameges.fr\/index.php\/chez-les-merdias\/\"><span style=\"font-family: times new roman, times, serif; font-size: 14pt;\">http:\/\/blog.lesgrossesorchadeslesamplesthalameges.fr\/index.php\/chez-les-merdias\/<\/span><\/a><span style=\"font-family: times new roman, times, serif; font-size: 14pt;\"><br \/>\n<\/span><\/p>\n<p>&nbsp;<\/p>\n<p>&nbsp;<\/p>\n<p style=\"text-align: right;\"><span style=\"font-family: comic sans ms, sans-serif; font-size: 14pt;\">Ao\u00fbt 2022<\/span><\/p>\n<p>&nbsp;<\/p>\n<p>&nbsp;<\/p>\n","protected":false},"excerpt":{"rendered":"<p>&nbsp; &nbsp; &nbsp; &nbsp; &nbsp; &nbsp; &nbsp; Chez les merdias, o\u00f9 l\u2019\u00ab\u00a0id\u00e9ologue du Kremlin\u00a0\u00bb n\u2019attendait que le feu vert pour sortir des tiroirs \u00a0 &nbsp; &nbsp; \u00a0 \u00a0 &nbsp; &nbsp; L\u2019assassinat de la fille d\u2019un id\u00e9ologue du Kremlin pourrait annoncer une nouvelle radicalisation de la Russie &nbsp; &nbsp; Daria Douguina se trouvait au volant de&#8230;<\/p>\n","protected":false},"author":1,"featured_media":0,"parent":0,"menu_order":0,"comment_status":"open","ping_status":"open","template":"","meta":[],"_links":{"self":[{"href":"https:\/\/blog.lesgrossesorchadeslesamplesthalameges.fr\/index.php\/wp-json\/wp\/v2\/pages\/20323"}],"collection":[{"href":"https:\/\/blog.lesgrossesorchadeslesamplesthalameges.fr\/index.php\/wp-json\/wp\/v2\/pages"}],"about":[{"href":"https:\/\/blog.lesgrossesorchadeslesamplesthalameges.fr\/index.php\/wp-json\/wp\/v2\/types\/page"}],"author":[{"embeddable":true,"href":"https:\/\/blog.lesgrossesorchadeslesamplesthalameges.fr\/index.php\/wp-json\/wp\/v2\/users\/1"}],"replies":[{"embeddable":true,"href":"https:\/\/blog.lesgrossesorchadeslesamplesthalameges.fr\/index.php\/wp-json\/wp\/v2\/comments?post=20323"}],"version-history":[{"count":7,"href":"https:\/\/blog.lesgrossesorchadeslesamplesthalameges.fr\/index.php\/wp-json\/wp\/v2\/pages\/20323\/revisions"}],"predecessor-version":[{"id":20334,"href":"https:\/\/blog.lesgrossesorchadeslesamplesthalameges.fr\/index.php\/wp-json\/wp\/v2\/pages\/20323\/revisions\/20334"}],"wp:attachment":[{"href":"https:\/\/blog.lesgrossesorchadeslesamplesthalameges.fr\/index.php\/wp-json\/wp\/v2\/media?parent=20323"}],"curies":[{"name":"wp","href":"https:\/\/api.w.org\/{rel}","templated":true}]}}