{"id":262,"date":"2018-10-28T19:11:55","date_gmt":"2018-10-28T18:11:55","guid":{"rendered":"http:\/\/blog.lesgrossesorchadeslesamplesthalameges.fr\/?page_id=262"},"modified":"2018-10-28T19:11:55","modified_gmt":"2018-10-28T18:11:55","slug":"parlement-europeen-pour-un-embargo","status":"publish","type":"page","link":"https:\/\/blog.lesgrossesorchadeslesamplesthalameges.fr\/index.php\/parlement-europeen-pour-un-embargo\/","title":{"rendered":"Parlement europ\u00e9en : Pour un embargo &#8230;"},"content":{"rendered":"<p>&nbsp;<\/p>\n<p>&nbsp;<\/p>\n<p>&nbsp;<\/p>\n<p>&nbsp;<\/p>\n<p style=\"text-align: center;\"><span style=\"font-family: times new roman, times, serif; font-size: 36pt; color: #993366;\"><strong><em>Ainsi que pr\u00e9vu par George Galloway\u2026<\/em><\/strong><\/span><\/p>\n<p>&nbsp;<\/p>\n<p style=\"text-align: center;\"><span style=\"font-family: times new roman, times, serif; font-size: 36pt;\"><strong>Parlement europ\u00e9en : Pour un embargo sur les ventes d\u2019armes \u00e0 l\u2019Arabie saoudite<\/strong><\/span><\/p>\n<p style=\"text-align: center;\"><span style=\"font-family: times new roman, times, serif; font-size: 18pt;\"><strong>Gilles Munier \u2013 <em>France-Irak Actualit\u00e9s<\/em> \u2013 <\/strong>26.10.2018<\/span><\/p>\n<p>&nbsp;<\/p>\n<p style=\"text-align: justify;\"><span style=\"font-family: times new roman, times, serif; font-size: 14pt;\"><strong>\u00a0<\/strong><\/span><\/p>\n<p style=\"text-align: center;\"><img loading=\"lazy\" class=\"alignnone wp-image-263\" src=\"http:\/\/blog.lesgrossesorchadeslesamplesthalameges.fr\/wp-content\/uploads\/2018\/10\/parlement-u-e.gif\" alt=\"\" width=\"600\" height=\"337\" \/><\/p>\n<p>&nbsp;<\/p>\n<p style=\"text-align: justify;\"><span style=\"font-family: times new roman, times, serif; font-size: 14pt;\"><strong>Les d\u00e9put\u00e9s europ\u00e9ens demandent <em>(325 voix pour, 1 contre et 19 abstentions) <\/em>:<\/strong><\/span><\/p>\n<ul style=\"text-align: justify;\">\n<li><span style=\"font-family: times new roman, times, serif; font-size: 14pt;\"><strong>Une enqu\u00eate internationale impartiale sur le meurtre de Jamal Khashoggi<\/strong><\/span><\/li>\n<li><span style=\"font-family: times new roman, times, serif; font-size: 14pt;\"><strong>Les pays de l\u2019UE doivent imposer un embargo sur la vente d\u2019armes \u00e0 l\u2019Arabie saoudite<\/strong><\/span><\/li>\n<li><span style=\"font-family: times new roman, times, serif; font-size: 14pt;\"><strong>Les \u00c9tats membres doivent se tenir pr\u00eats \u00e0 imposer des sanctions cibl\u00e9es, notamment des interdictions de visas et des gels d\u2019avoirs.<\/strong><\/span><\/li>\n<\/ul>\n<p>&nbsp;<\/p>\n<p style=\"text-align: justify;\"><span style=\"font-family: times new roman, times, serif; font-size: 18pt;\"><strong>Communiqu\u00e9 de presse\u00a0<em>(25\/10\/18)*<\/em><\/strong><\/span><\/p>\n<p style=\"text-align: justify;\"><span style=\"font-family: times new roman, times, serif; font-size: 14pt;\">Suite \u00e0 l\u2019assassinat du journaliste Jamal Khashoggi, le Parlement europ\u00e9en appelle les pays de l\u2019UE \u00e0 s\u2019unir et \u00e0 imposer un embargo sur la vente d\u2019armes \u00e0 l\u2019Arabie saoudite.<\/span><\/p>\n<p style=\"text-align: justify;\"><span style=\"font-family: times new roman, times, serif; font-size: 14pt;\">Dans une r\u00e9solution adopt\u00e9e jeudi, les eurod\u00e9put\u00e9s condamnent avec la plus grande fermet\u00e9 la torture et l\u2019assassinat du journaliste saoudien Jamal Khashoggi en Turquie. Ils en appellent \u00e9galement \u00e0 une enqu\u00eate internationale impartiale sur sa mort, afin de savoir ce qui s\u2019est r\u00e9ellement pass\u00e9 \u00e0 l\u2019int\u00e9rieur du consulat saoudien d\u2019Istanbul le 2 octobre et de traduire les responsables en justice.<\/span><\/p>\n<p style=\"text-align: justify;\"><span style=\"font-family: times new roman, times, serif; font-size: 14pt;\">Le texte note qu\u2019il est peu probable que l\u2019assassinat ait pu se produire sans que le prince h\u00e9ritier saoudien Mohammed bin Salmane ne le contr\u00f4le ou ne soit au courant.<\/span><\/p>\n<p>&nbsp;<\/p>\n<p style=\"text-align: justify;\"><span style=\"font-family: times new roman, times, serif; font-size: 18pt;\"><strong>Embargo de l\u2019UE sur la vente d\u2019armes \u00e0 l\u2019Arabie saoudite<\/strong><\/span><\/p>\n<p style=\"text-align: justify;\"><span style=\"font-family: times new roman, times, serif; font-size: 14pt;\">Suite \u00e0 cet assassinat brutal, la r\u00e9solution r\u00e9it\u00e8re l\u2019appel du Parlement europ\u00e9en \u00e0 tous les gouvernements de l\u2019UE visant \u00e0 aboutir \u00e0 une position commune afin d\u2019imposer un embargo de l\u2019ensemble de l\u2019UE sur la vente d\u2019armes \u00e0 l\u2019Arabie saoudite. Une\u00a0<a href=\"http:\/\/www.europarl.europa.eu\/news\/fr\/press-room\/20180926IPR14408\/yemen-les-deputes-condamnent-les-attaques-contre-des-civils-dont-des-enfants\">demande similaire<\/a>\u00a0avait \u00e9t\u00e9 faite par le Parlement le 4 octobre, au vu du r\u00f4le du pays dans la terrible guerre civile au Y\u00e9men.<\/span><\/p>\n<p style=\"text-align: justify;\"><span style=\"font-family: times new roman, times, serif; font-size: 14pt;\">Les eurod\u00e9put\u00e9s appellent \u00e9galement la chef de la diplomatie de l\u2019UE, Federica Mogherini, et les \u00c9tats membres \u00e0 se tenir pr\u00eats \u00e0 imposer des sanctions cibl\u00e9es, notamment des interdictions de visas et des gels d\u2019avoirs \u00e0 l\u2019encontre de ressortissants saoudiens, une fois que les faits auront \u00e9t\u00e9 \u00e9tablis.<\/span><\/p>\n<p style=\"text-align: justify;\"><span style=\"font-family: times new roman, times, serif; font-size: 14pt;\">Le Parlement exhorte enfin les \u00c9tats membres \u00e0 prendre l\u2019initiative, lors de la prochaine r\u00e9union du Conseil des droits de l\u2019homme de l\u2019ONU \u00e0 Gen\u00e8ve le 5 novembre, de soulever la question de l\u2019adh\u00e9sion au Conseil de pays, y compris l\u2019Arabie saoudite, dont le bilan en mati\u00e8re de droits de l\u2019homme est tr\u00e8s discutable.<\/span><\/p>\n<p>&nbsp;<\/p>\n<p style=\"text-align: justify;\"><span style=\"font-family: times new roman, times, serif; font-size: 18pt;\"><strong>Contexte<\/strong><\/span><\/p>\n<p style=\"text-align: justify;\"><span style=\"font-family: times new roman, times, serif; font-size: 14pt;\">Le journaliste saoudien Jamal Khashoggi a \u00e9t\u00e9 port\u00e9 disparu apr\u00e8s avoir p\u00e9n\u00e9tr\u00e9 dans le consulat d\u2019Arabie saoudite \u00e0 Istanbul le 2 octobre. Sa disparition a suscit\u00e9 une vague de soup\u00e7ons dans le monde entier, beaucoup estimant qu\u2019il a \u00e9t\u00e9 tortur\u00e9 et assassin\u00e9 brutalement par des agents saoudiens \u00e0 l\u2019int\u00e9rieur du b\u00e2timent, m\u00eame si son corps n\u2019a pas encore \u00e9t\u00e9 retrouv\u00e9.<\/span><\/p>\n<p style=\"text-align: justify;\"><span style=\"font-family: times new roman, times, serif; font-size: 14pt;\">L\u2019Arabie saoudite a dans un premier temps ni\u00e9 toute implication dans la disparition de Jamal Khashoggi, mais suite \u00e0 une forte pression internationale, le pays a admis que le meurtre s\u2019\u00e9tait produit dans l\u2019enceinte du consulat. M. Khashoggi \u00e9tait connu pour critiquer le r\u00e9gime saoudien.<\/span><\/p>\n<p>&nbsp;<\/p>\n<p style=\"text-align: justify;\"><span style=\"font-family: times new roman, times, serif; font-size: 18pt;\"><strong>Le texte a \u00e9t\u00e9 adopt\u00e9 par 325 voix pour, 1 contre et 19 abstentions.<\/strong><\/span><\/p>\n<p style=\"text-align: left;\"><span style=\"font-family: times new roman, times, serif; font-size: 14pt;\">Source\u00a0: <a href=\"http:\/\/www.france-irak-actualite.com\/2018\/10\/parlement-europeen-pour-un-embargo-sur-les-ventes-d-armes-a-l-arabie-saoudite.html\">http:\/\/www.france-irak-actualite.com\/2018\/10\/parlement-europeen-pour-un-embargo-sur-les-ventes-d-armes-a-l-arabie-saoudite.html<\/a><\/span><\/p>\n<p style=\"text-align: justify;\"><span style=\"font-family: times new roman, times, serif; font-size: 14pt;\">Source d\u2019origine\u00a0: <a href=\"http:\/\/www.europarl.europa.eu\/news\/fr\/press-room\/20181018IPR16536\/les-deputes-demandent-de-mettre-un-terme-a-la-vente-d-armes-a-l-arabie-saoudite\">Actualit\u00e9 Parlement europ\u00e9en<\/a><\/span><\/p>\n<p>&nbsp;<\/p>\n<p style=\"text-align: center;\"><img loading=\"lazy\" class=\"alignnone size-full wp-image-254\" src=\"http:\/\/blog.lesgrossesorchadeslesamplesthalameges.fr\/wp-content\/uploads\/2018\/10\/kleio-X-2.gif\" alt=\"\" width=\"75\" height=\"83\" \/><\/p>\n<p>&nbsp;<\/p>\n<p style=\"text-align: justify;\"><span style=\"font-family: comic sans ms, sans-serif; font-size: 18pt; color: #993366;\"><strong>Ceci int\u00e9resse au plus haut point la Belgique, et on se r\u00e9jouit vraiment de voir\u2026<\/strong><\/span><\/p>\n<p>&nbsp;<\/p>\n<p style=\"text-align: right;\"><span style=\"font-family: comic sans ms, sans-serif; font-size: 14pt;\">Octobre 2018<\/span><\/p>\n<p>&nbsp;<\/p>\n","protected":false},"excerpt":{"rendered":"<p>&nbsp; &nbsp; &nbsp; &nbsp; Ainsi que pr\u00e9vu par George Galloway\u2026 &nbsp; Parlement europ\u00e9en : Pour un embargo sur les ventes d\u2019armes \u00e0 l\u2019Arabie saoudite Gilles Munier \u2013 France-Irak Actualit\u00e9s \u2013 26.10.2018 &nbsp; \u00a0 &nbsp; Les d\u00e9put\u00e9s europ\u00e9ens demandent (325 voix pour, 1 contre et 19 abstentions) : Une enqu\u00eate internationale impartiale sur le meurtre de&#8230;<\/p>\n","protected":false},"author":1,"featured_media":0,"parent":0,"menu_order":0,"comment_status":"closed","ping_status":"closed","template":"","meta":[],"_links":{"self":[{"href":"https:\/\/blog.lesgrossesorchadeslesamplesthalameges.fr\/index.php\/wp-json\/wp\/v2\/pages\/262"}],"collection":[{"href":"https:\/\/blog.lesgrossesorchadeslesamplesthalameges.fr\/index.php\/wp-json\/wp\/v2\/pages"}],"about":[{"href":"https:\/\/blog.lesgrossesorchadeslesamplesthalameges.fr\/index.php\/wp-json\/wp\/v2\/types\/page"}],"author":[{"embeddable":true,"href":"https:\/\/blog.lesgrossesorchadeslesamplesthalameges.fr\/index.php\/wp-json\/wp\/v2\/users\/1"}],"replies":[{"embeddable":true,"href":"https:\/\/blog.lesgrossesorchadeslesamplesthalameges.fr\/index.php\/wp-json\/wp\/v2\/comments?post=262"}],"version-history":[{"count":0,"href":"https:\/\/blog.lesgrossesorchadeslesamplesthalameges.fr\/index.php\/wp-json\/wp\/v2\/pages\/262\/revisions"}],"wp:attachment":[{"href":"https:\/\/blog.lesgrossesorchadeslesamplesthalameges.fr\/index.php\/wp-json\/wp\/v2\/media?parent=262"}],"curies":[{"name":"wp","href":"https:\/\/api.w.org\/{rel}","templated":true}]}}